{"id":309,"date":"2020-05-19T13:02:13","date_gmt":"2020-05-19T11:02:13","guid":{"rendered":"https:\/\/www.canmoradedalt.com\/contacto\/"},"modified":"2025-11-10T11:13:19","modified_gmt":"2025-11-10T10:13:19","slug":"contacte","status":"publish","type":"page","link":"https:\/\/www.canmoradedalt.com\/ca\/contacte\/","title":{"rendered":"Contacte"},"content":{"rendered":"<div class=\"wpb-content-wrapper\"><p>[vc_row][vc_column width=&#8221;1\/2&#8243;][vc_custom_heading text=&#8221;Formulari de contacte&#8221; font_container=&#8221;tag:h2|text_align:left|color:%23bebfa8&#8243; use_theme_fonts=&#8221;yes&#8221;][vc_empty_space]\n<div class=\"wpcf7 no-js\" id=\"wpcf7-f363-o1\" lang=\"es-ES\" dir=\"ltr\" data-wpcf7-id=\"363\">\n<div class=\"screen-reader-response\"><p role=\"status\" aria-live=\"polite\" aria-atomic=\"true\"><\/p> <ul><\/ul><\/div>\n<form action=\"\/ca\/wp-json\/wp\/v2\/pages\/309#wpcf7-f363-o1\" method=\"post\" class=\"wpcf7-form init\" aria-label=\"Formulario de contacto\" novalidate=\"novalidate\" data-status=\"init\">\n<div style=\"display: none;\">\n<input type=\"hidden\" name=\"_wpcf7\" value=\"363\" \/>\n<input type=\"hidden\" name=\"_wpcf7_version\" value=\"6.0.6\" \/>\n<input type=\"hidden\" name=\"_wpcf7_locale\" value=\"es_ES\" \/>\n<input type=\"hidden\" name=\"_wpcf7_unit_tag\" value=\"wpcf7-f363-o1\" \/>\n<input type=\"hidden\" name=\"_wpcf7_container_post\" value=\"0\" \/>\n<input type=\"hidden\" name=\"_wpcf7_posted_data_hash\" value=\"\" \/>\n<\/div>\n<p><label> Nom (obligatorio)<br \/>\n<span class=\"wpcf7-form-control-wrap\" data-name=\"your-name\"><input size=\"40\" maxlength=\"400\" class=\"wpcf7-form-control wpcf7-text wpcf7-validates-as-required\" aria-required=\"true\" aria-invalid=\"false\" value=\"\" type=\"text\" name=\"your-name\" \/><\/span> <\/label>\n<\/p>\n<p><label> Email (obligatorio)<br \/>\n<span class=\"wpcf7-form-control-wrap\" data-name=\"your-email\"><input size=\"40\" maxlength=\"400\" class=\"wpcf7-form-control wpcf7-email wpcf7-validates-as-required wpcf7-text wpcf7-validates-as-email\" aria-required=\"true\" aria-invalid=\"false\" value=\"\" type=\"email\" name=\"your-email\" \/><\/span> <\/label>\n<\/p>\n<p><label> Sol\u00b7licitud<br \/>\n<span class=\"wpcf7-form-control-wrap\" data-name=\"your-subject\"><input size=\"40\" maxlength=\"400\" class=\"wpcf7-form-control wpcf7-text\" aria-invalid=\"false\" value=\"\" type=\"text\" name=\"your-subject\" \/><\/span> <\/label>\n<\/p>\n<p><label> Missatge<br \/>\n<span class=\"wpcf7-form-control-wrap\" data-name=\"your-message\"><textarea cols=\"40\" rows=\"10\" maxlength=\"2000\" class=\"wpcf7-form-control wpcf7-textarea\" aria-invalid=\"false\" name=\"your-message\"><\/textarea><\/span> <\/label>\n<\/p>\n<p><input class=\"wpcf7-form-control wpcf7-submit has-spinner\" type=\"submit\" value=\"Enviar\" \/>\n<\/p><div class=\"wpcf7-response-output\" aria-hidden=\"true\"><\/div>\n<\/form>\n<\/div>\n[\/vc_column][vc_column width=&#8221;1\/2&#8243;][vc_custom_heading text=&#8221;Horari de recepci\u00f3&#8221; font_container=&#8221;tag:h2|text_align:left|color:%23bebfa8&#8243; use_theme_fonts=&#8221;yes&#8221;][vc_empty_space][vc_column_text]De 9 a 17 h<br \/>\nJuliol i agost, de 9 a 21 h<\/p>\n<p>Si us plau, avisi si t\u00e9 previst arribar m\u00e9s tard de les 17 h.<\/p>\n<p><strong>Arribada (check-in): a partir de les 14 h<br \/>\n<\/strong><strong>Sortida (check-out): abans de les 12 h<\/strong><\/p>\n<ul>\n<li>S\u2019accepten targetes de cr\u00e8dit<\/li>\n<li>No s\u2019accepten animals de companyia<\/li>\n<li>No es permet fumar a l\u2019interior de l\u2019hotel<\/li>\n<\/ul>\n<p>&#8211; L\u2019hotel garanteix la confidencialitat de les vostres dades.<br \/>\n&#8211; Les instal.lacions de l\u2019hotel i la piscina s\u00f3n d\u2019\u00fas exclusiu pels clients.<br \/>\n&#8211; En el cas de reservar una habitaci\u00f3 pels preparatius d\u2019un casament (maquillatge, perruqueria, sessi\u00f3 fotogr\u00e0fica \u2026) consultar la normativa i condicions amb l\u2019Hotel[\/vc_column_text][\/vc_column][\/vc_row][vc_row full_width=&#8221;stretch_row_content_no_spaces&#8221; css=&#8221;.vc_custom_1589888669685{margin-top: 50px !important;padding-top: 30px !important;padding-bottom: 30px !important;background-color: #eaeaea !important;}&#8221;][vc_column width=&#8221;1\/3&#8243;]\n        <div class=\"row\">\n            <div class=\"col-md-12\">\n                <div class=\"icon-text-cta\">\n                    <img decoding=\"async\" alt=\"info@canmoradedalt.com\" src=\"https:\/\/www.canmoradedalt.com\/wp-content\/uploads\/2020\/05\/185078-128.png\" \/>\n                    <h4 class=\"title-cta\">info@canmoradedalt.com<\/h4>\n                    <div class=\"subtitle-cta\"><\/div>\n                    \n                <\/div>\n            <\/div>\n        <\/div>\n        [\/vc_column][vc_column width=&#8221;1\/3&#8243;]\n        <div class=\"row\">\n            <div class=\"col-md-12\">\n                <div class=\"icon-text-cta\">\n                    <img decoding=\"async\" alt=\"D\u00f3nde estamos\" src=\"https:\/\/www.canmoradedalt.com\/wp-content\/uploads\/2020\/05\/185040-128.png\" \/>\n                    <h4 class=\"title-cta\">D\u00f3nde estamos<\/h4>\n                    <div class=\"subtitle-cta\">Raval de Font mitjana 3 (cam\u00ed de Can Mora)<br \/>\n08394 Sant Vicen\u00e7 de Montalt | Barcelona<\/p>\n<p>GPS: 41 34\u2019 56, 11 2 30\u2032 18,97<\/div>\n                    \n                <\/div>\n            <\/div>\n        <\/div>\n        [\/vc_column][vc_column width=&#8221;1\/3&#8243;]\n        <div class=\"row\">\n            <div class=\"col-md-12\">\n                <div class=\"icon-text-cta\">\n                    <img alt=\"(0034) 937 910 570 <br \/> (0034) 618 879 880\" src=\"https:\/\/www.canmoradedalt.com\/wp-content\/uploads\/2020\/05\/185028-128.png\" \/>\n                    <h4 class=\"title-cta\">(0034) 937 910 570 <br \/> (0034) 618 879 880<\/h4>\n                    <div class=\"subtitle-cta\"><\/div>\n                    \n                <\/div>\n            <\/div>\n        <\/div>\n        [\/vc_column][\/vc_row][vc_row][vc_column][vc_empty_space][\/vc_column][\/vc_row][vc_row][vc_column][vc_raw_html]JTNDaWZyYW1lJTIwc3JjJTNEJTIyaHR0cHMlM0ElMkYlMkZ3d3cuZ29vZ2xlLmNvbSUyRm1hcHMlMkZlbWJlZCUzRnBiJTNEJTIxMW0xOCUyMTFtMTIlMjExbTMlMjExZDI5ODQuMzkzMjgwNjg5MzA3JTIxMmQyLjUwMzYzNzMxNTc5ODE0MTMlMjEzZDQxLjU4MjM3Mzk3OTI0NjkzJTIxMm0zJTIxMWYwJTIxMmYwJTIxM2YwJTIxM20yJTIxMWkxMDI0JTIxMmk3NjglMjE0ZjEzLjElMjEzbTMlMjExbTIlMjExczB4MTJiYjM1ODQ5MTUwNjk5MSUyNTNBMHhhZDVkMjJhNzRlNjFmOTIzJTIxMnNIb3RlbCUyNTIwQ2FuJTI1MjBNb3JhJTI1MjBkZSUyNTIwRGFsdCUyMTVlMCUyMTNtMiUyMTFzZXMlMjEyc2VzJTIxNHYxNTg5ODg5MTI3NzQyJTIxNW0yJTIxMXNlcyUyMTJzZXMlMjIlMjB3aWR0aCUzRCUyMjEwMCUyNSUyMiUyMGhlaWdodCUzRCUyMjI1MCUyMiUyMGZyYW1lYm9yZGVyJTNEJTIyMCUyMiUyMHN0eWxlJTNEJTIyYm9yZGVyJTNBMCUzQiUyMiUyMGFsbG93ZnVsbHNjcmVlbiUzRCUyMiUyMiUyMGFyaWEtaGlkZGVuJTNEJTIyZmFsc2UlMjIlMjB0YWJpbmRleCUzRCUyMjAlMjIlM0UlM0MlMkZpZnJhbWUlM0U=[\/vc_raw_html][vc_column_text]<strong>Des de Barcelona<\/strong>\u00a0per l\u2019autopista del Maresme, la C-32. Despr\u00e9s de passar Matar\u00f3, heu d\u2019agafar la tercera sortida, la n\u00fam. 108, que indica Sant Vicen\u00e7 de Montalt. Tamb\u00e9 s\u2019hi pot arribar per la Nacional II i per la BV-5031.<\/p>\n<p><strong>Des de Girona o Fran\u00e7a<\/strong>\u00a0(autopista AP-7), s\u2019agafa la sortida que indica C-60 Matar\u00f3 i se segueix per l\u2019autopista de la Roca C-60, en direcci\u00f3 a Matar\u00f3 i despr\u00e9s Girona. All\u00e0 es connecta amb la C-32 i s\u2019arriba a la sortida 108, cap a Sant Vicen\u00e7 de Montalt.[\/vc_column_text][\/vc_column][\/vc_row][vc_row][vc_column][vc_empty_space][\/vc_column][\/vc_row]<\/p>\n<\/div>","protected":false},"excerpt":{"rendered":"<p>[vc_row][vc_column width=&#8221;1\/2&#8243;][vc_custom_heading text=&#8221;Formulari de contacte&#8221; font_container=&#8221;tag:h2|text_align:left|color:%23bebfa8&#8243; use_theme_fonts=&#8221;yes&#8221;][vc_empty_space][\/vc_column][vc_column width=&#8221;1\/2&#8243;][vc_custom_heading text=&#8221;Horari de recepci\u00f3&#8221; font_container=&#8221;tag:h2|text_align:left|color:%23bebfa8&#8243; use_theme_fonts=&#8221;yes&#8221;][vc_empty_space][vc_column_text]De 9 a 17 h Juliol i agost, de 9 a 21 h Si us plau, avisi si t\u00e9 previst arribar m\u00e9s tard de les 17 h. Arribada (check-in): a partir de les 14 h Sortida (check-out): abans de les 12 h S\u2019accepten &hellip; <a href=\"https:\/\/www.canmoradedalt.com\/ca\/contacte\/\" class=\"more-link\">Continua llegint <span class=\"screen-reader-text\">\u00abContacte\u00bb<\/span><\/a><\/p>\n","protected":false},"author":1,"featured_media":310,"parent":0,"menu_order":0,"comment_status":"closed","ping_status":"closed","template":"","meta":{"footnotes":""},"class_list":["post-309","page","type-page","status-publish","has-post-thumbnail","hentry"],"_links":{"self":[{"href":"https:\/\/www.canmoradedalt.com\/ca\/wp-json\/wp\/v2\/pages\/309","targetHints":{"allow":["GET"]}}],"collection":[{"href":"https:\/\/www.canmoradedalt.com\/ca\/wp-json\/wp\/v2\/pages"}],"about":[{"href":"https:\/\/www.canmoradedalt.com\/ca\/wp-json\/wp\/v2\/types\/page"}],"author":[{"embeddable":true,"href":"https:\/\/www.canmoradedalt.com\/ca\/wp-json\/wp\/v2\/users\/1"}],"replies":[{"embeddable":true,"href":"https:\/\/www.canmoradedalt.com\/ca\/wp-json\/wp\/v2\/comments?post=309"}],"version-history":[{"count":7,"href":"https:\/\/www.canmoradedalt.com\/ca\/wp-json\/wp\/v2\/pages\/309\/revisions"}],"predecessor-version":[{"id":1046,"href":"https:\/\/www.canmoradedalt.com\/ca\/wp-json\/wp\/v2\/pages\/309\/revisions\/1046"}],"wp:featuredmedia":[{"embeddable":true,"href":"https:\/\/www.canmoradedalt.com\/ca\/wp-json\/wp\/v2\/media\/310"}],"wp:attachment":[{"href":"https:\/\/www.canmoradedalt.com\/ca\/wp-json\/wp\/v2\/media?parent=309"}],"curies":[{"name":"wp","href":"https:\/\/api.w.org\/{rel}","templated":true}]}}