{"id":302,"date":"2020-05-18T14:43:47","date_gmt":"2020-05-18T12:43:47","guid":{"rendered":"https:\/\/www.canmoradedalt.com\/inicio\/"},"modified":"2025-07-03T16:39:56","modified_gmt":"2025-07-03T14:39:56","slug":"inicio","status":"publish","type":"page","link":"https:\/\/www.canmoradedalt.com\/ca\/","title":{"rendered":"Inici"},"content":{"rendered":"<div class=\"wpb-content-wrapper\"><p>[vc_row][vc_column]\n\t\t\t<!-- START Home  Catal\u00e1n REVOLUTION SLIDER 6.7.34 --><p class=\"rs-p-wp-fix\"><\/p>\n\t\t\t<rs-module-wrap id=\"rev_slider_2_1_wrapper\" data-source=\"gallery\" style=\"visibility:hidden;background:transparent;padding:0;margin:0px auto;margin-top:0;margin-bottom:0;\">\n\t\t\t\t<rs-module id=\"rev_slider_2_1\" style=\"\" data-version=\"6.7.34\">\n\t\t\t\t\t<rs-slides style=\"overflow: hidden; position: absolute;\">\n\t\t\t\t\t\t<rs-slide style=\"position: absolute;\" data-key=\"rs-2\" data-title=\"Slide\" data-anim=\"ms:1000;r:0;\" data-in=\"o:0;\" data-out=\"a:false;\">\n\t\t\t\t\t\t\t<img decoding=\"async\" src=\"\/\/www.canmoradedalt.com\/wp-content\/plugins\/revslider\/sr6\/assets\/assets\/dummy.png\" alt=\"\" title=\"FOTO-INICIO-2\" width=\"1900\" height=\"1292\" class=\"rev-slidebg tp-rs-img rs-lazyload\" data-lazyload=\"\/\/www.canmoradedalt.com\/wp-content\/uploads\/2020\/05\/FOTO-INICIO-2.jpg\" data-no-retina>\n<!--\n\t\t\t\t\t\t\t--><a\n\t\t\t\t\t\t\t\tid=\"slider-2-slide-2-layer-0\" \n\t\t\t\t\t\t\t\tclass=\"rs-layer rev-btn\"\n\t\t\t\t\t\t\t\thref=\"https:\/\/booking.hotelgest.com\/v3\/?pcode=231&#038;lang=ca\" target=\"_blank\" rel=\"nofollow noopener\"\n\t\t\t\t\t\t\t\tdata-type=\"button\"\n\t\t\t\t\t\t\t\tdata-color=\"#485855\"\n\t\t\t\t\t\t\t\tdata-rsp_ch=\"on\"\n\t\t\t\t\t\t\t\tdata-xy=\"x:c;y:m;yo:97px,97px,97px,40px;\"\n\t\t\t\t\t\t\t\tdata-text=\"w:normal;l:43,43,43,18;a:center;\"\n\t\t\t\t\t\t\t\tdata-dim=\"w:200,200,200,87;minh:0,0,0,none;\"\n\t\t\t\t\t\t\t\tdata-padding=\"r:27,27,27,11;l:27,27,27,11;\"\n\t\t\t\t\t\t\t\tdata-border=\"bor:5px,5px,5px,5px;\"\n\t\t\t\t\t\t\t\tdata-frame_999=\"o:0;st:w;\"\n\t\t\t\t\t\t\t\tdata-frame_hover=\"c:#e1e1c6;bgc:#485855;bor:5px,5px,5px,5px;\"\n\t\t\t\t\t\t\t\tstyle=\"z-index:5;background-color:#e1e1c6;font-family:'Roboto';\"\n\t\t\t\t\t\t\t>RESERVA \n\t\t\t\t\t\t\t<\/a><!--\n\n\t\t\t\t\t\t\t--><rs-layer\n\t\t\t\t\t\t\t\tid=\"slider-2-slide-2-layer-1\" \n\t\t\t\t\t\t\t\tdata-type=\"text\"\n\t\t\t\t\t\t\t\tdata-color=\"#f4f4f4\"\n\t\t\t\t\t\t\t\tdata-rsp_ch=\"on\"\n\t\t\t\t\t\t\t\tdata-xy=\"x:c;y:m;yo:16px,16px,16px,5px;\"\n\t\t\t\t\t\t\t\tdata-text=\"w:normal;s:21,21,21,11;l:30,30,30,17;fw:300;a:center;\"\n\t\t\t\t\t\t\t\tdata-frame_999=\"o:0;st:w;\"\n\t\t\t\t\t\t\t\tstyle=\"z-index:6;font-family:'Poppins';\"\n\t\t\t\t\t\t\t>Una antiga masia familiar que s\u2019ha convertit en el lloc perfecte<br \/>\nper gaudir del paisatge, de les vistes al mar i la tranquil\u00b7litat de l\u2019entorn. \n\t\t\t\t\t\t\t<\/rs-layer><!--\n\n\t\t\t\t\t\t\t--><rs-layer\n\t\t\t\t\t\t\t\tid=\"slider-2-slide-2-layer-3\" \n\t\t\t\t\t\t\t\tdata-type=\"text\"\n\t\t\t\t\t\t\t\tdata-rsp_ch=\"on\"\n\t\t\t\t\t\t\t\tdata-xy=\"x:c;xo:0,0,0,-1px;y:m;yo:-68px,-68px,-68px,-38px;\"\n\t\t\t\t\t\t\t\tdata-text=\"w:normal;s:22,22,22,8;l:28,28,28,10;\"\n\t\t\t\t\t\t\t\tdata-frame_999=\"o:0;st:w;\"\n\t\t\t\t\t\t\t\tstyle=\"z-index:7;font-family:'Roboto';\"\n\t\t\t\t\t\t\t><h1 class=\"title-slider\">CAN MORA DE DALT<\/h1> \n\t\t\t\t\t\t\t<\/rs-layer><!--\n-->\t\t\t\t\t<\/rs-slide>\n\t\t\t\t\t<\/rs-slides>\n\t\t\t\t<\/rs-module>\n\t\t\t\t<script>\n\t\t\t\t\tsetREVStartSize({c: 'rev_slider_2_1',rl:[1240,1240,1240,480],el:[900,900,900,720],gw:[1240,1240,1240,480],gh:[900,900,900,720],type:'standard',justify:'',layout:'fullwidth',mh:\"0\"});if (window.RS_MODULES!==undefined && window.RS_MODULES.modules!==undefined && window.RS_MODULES.modules[\"revslider21\"]!==undefined) {window.RS_MODULES.modules[\"revslider21\"].once = false;window.revapi2 = undefined;if (window.RS_MODULES.checkMinimal!==undefined) window.RS_MODULES.checkMinimal()}\n\t\t\t\t<\/script>\n\t\t\t<\/rs-module-wrap>\n\t\t\t<!-- END REVOLUTION SLIDER -->\n[\/vc_column][\/vc_row][vc_row][vc_column][vc_empty_space]<div class=\"block-marzo\"><div class=\"wpb-content-wrapper\"><p>[vc_row][vc_column][vc_message message_box_color=&#8221;warning&#8221;]<\/p>\n<p class=\"tw-data-text tw-text-large tw-ta\" dir=\"ltr\" data-placeholder=\"Traducci\u00f3n\"><span class=\"Y2IQFc\" lang=\"ca\">Podeu contactar amb nosaltres\u00a0 per correu electr\u00f2nic a info@canmoradedalt.com .<\/span><\/p>\n<p>[\/vc_message][\/vc_column][\/vc_row]<\/p>\n<\/div><\/div>[vc_empty_space][\/vc_column][\/vc_row][vc_row equal_height=&#8221;yes&#8221; content_placement=&#8221;middle&#8221; css=&#8221;.vc_custom_1589879690567{background-color: #f2f2f2 !important;}&#8221;][vc_column width=&#8221;1\/2&#8243; css=&#8221;.vc_custom_1589879623607{background-image: url(https:\/\/www.canmoradedalt.com\/wp-content\/uploads\/2020\/05\/cmora-0980.jpg?id=27) !important;background-position: center !important;background-repeat: no-repeat !important;background-size: cover !important;}&#8221;][vc_empty_space height=&#8221;300px&#8221;][\/vc_column][vc_column width=&#8221;1\/2&#8243;]\n        <div class=\"row\">\n            <div class=\"col-md-12 custom-header\">\n                <h3>CAN MORA DE DALT<\/h3>\n                <h4>Sobre nosaltres<\/h4>\n                \n            <\/div>\n            <div class=\"vertical-line\"><\/div>\n        <\/div>\n        [vc_empty_space height=&#8221;20px&#8221;][vc_column_text]<\/p>\n<p style=\"text-align: center;\"><strong>Can Mora de Dalt<\/strong> \u00e9s una masia familiar el segle XV. Des que vam obrir com a hotel el 2008, el nostre objectiu ha estat que el client s\u2019hi senti com a casa.<\/p>\n<p style=\"text-align: center;\">El propietari, Joaquim Mora, va reformar aquesta antiga granja amb la il\u00b7lusi\u00f3 de conservar al m\u00e0xim tots els detalls originals per preservar, aix\u00ed, el car\u00e0cter que havia tingut sempre. El passat i el present familiar conviuen en aquesta masia on el temps s\u2019atura i les vistes al mar t\u2019envaeixen.<\/p>\n<p style=\"text-align: center;\">Amb una ubicaci\u00f3 privilegiada a Sant Vicen\u00e7 de Montalt (Maresme), \u00e9s el lloc perfecte per desconnectar: a cinc minuts de la platja i molt a prop de Barcelona.<\/p>\n<p>[\/vc_column_text][vc_empty_space height=&#8221;50px&#8221;][\/vc_column][\/vc_row][vc_row][vc_column][vc_empty_space][\/vc_column][\/vc_row][vc_row equal_height=&#8221;yes&#8221; content_placement=&#8221;middle&#8221; css=&#8221;.vc_custom_1589879690567{background-color: #f2f2f2 !important;}&#8221;][vc_column width=&#8221;1\/2&#8243; css=&#8221;.vc_custom_1589882755500{background-image: url(https:\/\/www.canmoradedalt.com\/wp-content\/uploads\/2020\/05\/piscina-2523.jpg?id=47) !important;background-position: center !important;background-repeat: no-repeat !important;background-size: cover !important;}&#8221;][vc_empty_space height=&#8221;300px&#8221;][\/vc_column][vc_column width=&#8221;1\/2&#8243; css=&#8221;.vc_custom_1589884852326{padding-top: 30px !important;padding-bottom: 30px !important;}&#8221;]\n        <div class=\"row\">\n            <div class=\"col-md-12 custom-header\">\n                <h3>L'HOTEL<\/h3>\n                <h4>Sentir-se com a casa<\/h4>\n                \n            <\/div>\n            <div class=\"vertical-line\"><\/div>\n        <\/div>\n        [vc_empty_space height=&#8221;20px&#8221;][vc_column_text]<\/p>\n<p style=\"text-align: center;\">A Can Mora de Dalt fem tot el possible perqu\u00e8 la vostra estada sigui confortable.<\/p>\n<p style=\"text-align: center;\">Des de les diverses zones comunes de la masia es pot gaudir de les vistes al mar, dels arbres i d\u2019un ambient molt tranquil. El jard\u00ed ecol\u00f2gic i mediterrani, amb racons encisadors, \u00e9s l\u2019espai ideal per descansar. La piscina, molt assolellada i amb vistes al mar, \u00e9s exclusiva per als clients de l\u2019hotel.<\/p>\n<p>[\/vc_column_text][vc_empty_space height=&#8221;50px&#8221;][\/vc_column][\/vc_row][vc_row equal_height=&#8221;yes&#8221; content_placement=&#8221;middle&#8221; css=&#8221;.vc_custom_1589882929952{background-color: #f3e3d3 !important;}&#8221;][vc_column width=&#8221;1\/2&#8243; css=&#8221;.vc_custom_1589884861925{padding-top: 30px !important;padding-bottom: 30px !important;background-position: center !important;background-repeat: no-repeat !important;background-size: cover !important;}&#8221;]\n        <div class=\"row\">\n            <div class=\"col-md-12 custom-header\">\n                <h3>CASAMENTS I FESTES<\/h3>\n                <h4>Amb vistes al mar<\/h4>\n                \n            <\/div>\n            <div class=\"vertical-line\"><\/div>\n        <\/div>\n        [vc_empty_space height=&#8221;20px&#8221;][vc_column_text]<\/p>\n<p style=\"text-align: center;\">Can Mora t\u2019ofereix el millor de la proximitat amb Barcelona en un entorn rural \u00fanic amb vistes al mar. Un lloc m\u00e0gic per celebrar-hi el teu casament: una masia del s. XV completament restaurada, amb onze habitacions on podr\u00e0s preparar-te per al teu gran dia i allotjar-hi els convidats m\u00e9s propers.<\/p>\n<p style=\"text-align: center;\">Descobreix que f\u00e0cil que pot arribar a ser organitzar un casament amb nosaltres. Hi celebrem tota mena de casaments i estem en contacte amb els millors prove\u00efdors perqu\u00e8 el teu casament sigui tal com l\u2019havies somiat.<\/p>\n<p>[\/vc_column_text][vc_column_text el_class=&#8221;speciallink&#8221;]<\/p>\n<p style=\"text-align: center;\"><a href=\"https:\/\/www.canmoradedalt.com\/ca\/casaments-i-festes\/\">SABER M\u00c9S<\/a><\/p>\n<p>[\/vc_column_text][vc_empty_space height=&#8221;50px&#8221;][\/vc_column][vc_column width=&#8221;1\/2&#8243; css=&#8221;.vc_custom_1589882849088{background-image: url(https:\/\/www.canmoradedalt.com\/wp-content\/uploads\/2020\/05\/43.jpg?id=49) !important;background-position: center !important;background-repeat: no-repeat !important;background-size: cover !important;}&#8221;][vc_empty_space height=&#8221;300px&#8221;][\/vc_column][\/vc_row][vc_row equal_height=&#8221;yes&#8221; content_placement=&#8221;middle&#8221; css=&#8221;.vc_custom_1589879690567{background-color: #f2f2f2 !important;}&#8221;][vc_column width=&#8221;1\/2&#8243; css=&#8221;.vc_custom_1589883152229{background-image: url(https:\/\/www.canmoradedalt.com\/wp-content\/uploads\/2020\/05\/cmora-0525.jpg?id=51) !important;background-position: center !important;background-repeat: no-repeat !important;background-size: cover !important;}&#8221;][vc_empty_space height=&#8221;300px&#8221;][\/vc_column][vc_column width=&#8221;1\/2&#8243; css=&#8221;.vc_custom_1590137762708{padding-top: 30px !important;padding-right: 30px !important;padding-bottom: 30px !important;padding-left: 30px !important;}&#8221;]\n        <div class=\"row\">\n            <div class=\"col-md-12 custom-header\">\n                <h3>REUNIONS D'EMPRESA<\/h3>\n                <h4>A prop de Barcelona<\/h4>\n                \n            <\/div>\n            <div class=\"vertical-line\"><\/div>\n        <\/div>\n        [vc_empty_space height=&#8221;20px&#8221;][vc_column_text]<\/p>\n<p style=\"text-align: center;\"><strong>Atesa la seva proximitat amb Barcelona, <\/strong>Can Mora de Dalt \u00e9s el lloc perfecte per fer-hi presentacions d\u2019empresa, reunions de directius o qualsevol altre tipus d\u2019esdeveniment corporatiu.<\/p>\n<p style=\"text-align: center;\">Posem a la vostra disposici\u00f3 tots els espais per oferir-vos privacitat total: una gran sala polivalent (100 m<sup>2<\/sup>) per a grans presentacions i la possibilitat de fer servir altres zones de l\u2019hotel per fer-hi reunions m\u00e9s privades<\/p>\n<p>[\/vc_column_text][vc_column_text el_class=&#8221;speciallink&#8221;]<\/p>\n<p style=\"text-align: center;\"><a href=\"https:\/\/www.canmoradedalt.com\/ca\/reuniones-de-empresa\/\">SABER M\u00c9S<\/a><\/p>\n<p>[\/vc_column_text][vc_empty_space height=&#8221;50px&#8221;][\/vc_column][\/vc_row][vc_row][vc_column][vc_empty_space]\n        <div class=\"row\">\n            <div class=\"col-md-12 custom-header\">\n                <h3>Novetats i Ofertes<\/h3>\n                <h4>Exclusives<\/h4>\n                \n            <\/div>\n            <div class=\"vertical-line\"><\/div>\n        <\/div>\n        [vc_empty_space][\/vc_column][\/vc_row][vc_row][vc_column width=&#8221;1\/3&#8243;][vc_single_image image=&#8221;766&#8243; img_size=&#8221;full&#8221; alignment=&#8221;center&#8221;][vc_column_text]<\/p>\n<h5 style=\"text-align: center;\"><strong>CASAMENTS <\/strong><\/h5>\n<p style=\"text-align: center;\">Can Mora ofereix un entorn rural \u00fanic amb vistes al mar. Un lloc m\u00e0gic per celebrar-hi el teu casament: una masia del s. XV completament restaurada, amb onze habitacions on podr\u00e0s preparar-te per al teu gran dia i allotjar-hi els convidats m\u00e9s propers.<\/p>\n<p style=\"text-align: center;\">M\u00e9s informaci\u00f3 a trav\u00e9s del nostre e-mail de contacte:\u00a0<a href=\"mailto:info@canmoradedalt.com\">info@canmoradedalt.com<\/a><\/p>\n<p>[\/vc_column_text][\/vc_column][vc_column width=&#8221;1\/3&#8243;][vc_single_image image=&#8221;43&#8243; img_size=&#8221;full&#8221; alignment=&#8221;center&#8221;][vc_column_text]<\/p>\n<h5 style=\"text-align: center;\">CASAMENTS DE PETIT FORMAT<\/h5>\n<p style=\"text-align: center;\">Si el que voleu \u00e9s casar-vos de manera m\u00e9s \u00edntima, per qu\u00e8 no organitzeu el vostre casament entre setmana? Celebrem casaments de petit format, adaptats als clients que desitgen casar-se en petit comit\u00e8, en un entorn rural, amb vistes al mar i molt a prop de Barcelona.<\/p>\n<p style=\"text-align: center;\">M\u00e9s informaci\u00f3 a trav\u00e9s del nostre e-mail de contacte: <a href=\"mailto:info@canmoradedalt.com\">info@canmoradedalt.com<\/a><\/p>\n<p>[\/vc_column_text][\/vc_column][vc_column width=&#8221;1\/3&#8243;][vc_single_image image=&#8221;627&#8243; img_size=&#8221;full&#8221; alignment=&#8221;center&#8221;][vc_column_text]<\/p>\n<h5 style=\"text-align: center;\">REUNIONS D\u2019UN DIA<\/h5>\n<p style=\"text-align: center;\">Si la vostra empresa busca un lloc tranquil per allunyar-se de l\u2019estr\u00e8s diari i poder dedicar una sessi\u00f3 a pensar, consulteu les nostres ofertes de reunions d\u2019un dia o de mitja jornada.<\/p>\n<p style=\"text-align: center;\">M\u00e9s informaci\u00f3 a trav\u00e9s del nostre e-mail de contacte: <a href=\"mailto:info@canmoradedalt.com\">info@canmoradedalt.com<\/a><\/p>\n<p>[\/vc_column_text][\/vc_column][\/vc_row][vc_row][vc_column][vc_empty_space][\/vc_column][\/vc_row][vc_row][vc_column][vc_separator][vc_empty_space][vc_raw_html]JTVCZ3J3JTIwaWQlM0Q5NjElNUQ=[\/vc_raw_html][\/vc_column][\/vc_row][vc_row][vc_column][vc_empty_space][\/vc_column][\/vc_row][vc_row full_width=&#8221;stretch_row_content_no_spaces&#8221;][vc_column][vc_media_grid element_width=&#8221;2&#8243; gap=&#8221;0&#8243; css=&#8221;&#8221; grid_id=&#8221;vc_gid:1751553574018-7af73e53-e94d-5&#8243; include=&#8221;33,34,35,1035,37,38&#8243;][\/vc_column][\/vc_row]<\/p>\n<\/div>","protected":false},"excerpt":{"rendered":"<p>[vc_row][vc_column][\/vc_column][\/vc_row][vc_row][vc_column][vc_empty_space][vc_empty_space][\/vc_column][\/vc_row][vc_row equal_height=&#8221;yes&#8221; content_placement=&#8221;middle&#8221; css=&#8221;.vc_custom_1589879690567{background-color: #f2f2f2 !important;}&#8221;][vc_column width=&#8221;1\/2&#8243; css=&#8221;.vc_custom_1589879623607{background-image: url(https:\/\/www.canmoradedalt.com\/wp-content\/uploads\/2020\/05\/cmora-0980.jpg?id=27) !important;background-position: center !important;background-repeat: no-repeat !important;background-size: cover !important;}&#8221;][vc_empty_space height=&#8221;300px&#8221;][\/vc_column][vc_column width=&#8221;1\/2&#8243;][vc_empty_space height=&#8221;20px&#8221;][vc_column_text] Can Mora de Dalt \u00e9s una masia familiar el segle XV. Des que vam obrir com a hotel el 2008, el nostre objectiu ha estat que el client s\u2019hi senti com a casa. El propietari, Joaquim &hellip; <a href=\"https:\/\/www.canmoradedalt.com\/ca\/\" class=\"more-link\">Continua llegint <span class=\"screen-reader-text\">\u00abInici\u00bb<\/span><\/a><\/p>\n","protected":false},"author":1,"featured_media":0,"parent":0,"menu_order":0,"comment_status":"closed","ping_status":"closed","template":"","meta":{"footnotes":""},"class_list":["post-302","page","type-page","status-publish","hentry"],"_links":{"self":[{"href":"https:\/\/www.canmoradedalt.com\/ca\/wp-json\/wp\/v2\/pages\/302","targetHints":{"allow":["GET"]}}],"collection":[{"href":"https:\/\/www.canmoradedalt.com\/ca\/wp-json\/wp\/v2\/pages"}],"about":[{"href":"https:\/\/www.canmoradedalt.com\/ca\/wp-json\/wp\/v2\/types\/page"}],"author":[{"embeddable":true,"href":"https:\/\/www.canmoradedalt.com\/ca\/wp-json\/wp\/v2\/users\/1"}],"replies":[{"embeddable":true,"href":"https:\/\/www.canmoradedalt.com\/ca\/wp-json\/wp\/v2\/comments?post=302"}],"version-history":[{"count":30,"href":"https:\/\/www.canmoradedalt.com\/ca\/wp-json\/wp\/v2\/pages\/302\/revisions"}],"predecessor-version":[{"id":1043,"href":"https:\/\/www.canmoradedalt.com\/ca\/wp-json\/wp\/v2\/pages\/302\/revisions\/1043"}],"wp:attachment":[{"href":"https:\/\/www.canmoradedalt.com\/ca\/wp-json\/wp\/v2\/media?parent=302"}],"curies":[{"name":"wp","href":"https:\/\/api.w.org\/{rel}","templated":true}]}}